{"id":3956,"date":"2020-04-01T05:33:02","date_gmt":"2020-04-01T03:33:02","guid":{"rendered":"https:\/\/konditorei-caredda.ch\/konditorei\/"},"modified":"2020-05-12T10:56:30","modified_gmt":"2020-05-12T08:56:30","slug":"pasticceria","status":"publish","type":"page","link":"https:\/\/konditorei-caredda.ch\/it\/pasticceria\/","title":{"rendered":"PASTICCERIA"},"content":{"rendered":"[vc_row full_width=&#8221;stretch_row&#8221; equal_height=&#8221;yes&#8221; content_placement=&#8221;middle&#8221; css=&#8221;.vc_custom_1575546106321{padding-top: 70px !important;padding-bottom: 55px !important;background-position: 0 0 !important;background-repeat: no-repeat !important;}&#8221;][vc_column width=&#8221;2\/3&#8243;] <h3 style=\"color:#7e7e7e;padding:px;text-align:;font-size:px;line-height:px;letter-spacing: 2px;font-weight:normal\" class=\"   nd_options_first_font \">\u00abPaolo Caredda ha le mani d\u2019oro\u00bb, dice sua moglie.<\/h3> <div style=\"background-color:;height: 20px\" class=\"nicdark_section  \"><\/div> <h1 style=\"color:;padding:px;text-align:;font-size:50px;line-height:60px;letter-spacing: 1px;font-weight:normal\" class=\"  nd_options_line_height_40_important_all_iphone nd_options_font_size_40_important_all_iphone nd_options_first_font \">Alla 7a generazione di famiglia<\/h1> <div style=\"background-color:;height: 20px\" class=\"nicdark_section  \"><\/div>[vc_column_text]\u00abPer me Paolo Caredda \u00e8 importante che i miei prodotti siano di qualit\u00e0. Tutti i miei prodotti sono fatti a mano. Anche lo zucchero al velo, anche se so che \u00e8 solo una cosa piccola. Per me \u00e8 importante che i miei prodotti siano di qualit\u00e0. L\u2019ho imparato da mio padre, che l&#8217;ha imparato da mio nonno che a sua volta l\u2019ha imparato da\u2026, etc. Sono contento che visitiate la nostra pasticceria e che apprezziate la qualit\u00e0.\u00bb[\/vc_column_text][vc_row_inner css=&#8221;.vc_custom_1585297661246{margin-top: 40px !important;margin-right: 0px !important;margin-left: 0px !important;padding-top: 20px !important;padding-right: 20px !important;padding-bottom: 20px !important;padding-left: 20px !important;background-image: url(http:\/\/konditorei-caredda.ch\/wp-content\/uploads\/2020\/03\/Caredda-Hochzeitstorte-background.jpg?id=2782) !important;background-position: center !important;background-repeat: no-repeat !important;background-size: cover !important;}&#8221;][vc_column_inner width=&#8221;2\/3&#8243;]\n\n    <div class=\"nd_options_section nd_options_position_relative calltoaction_project\">\n\n        <img decoding=\"async\" style=\"top:px\" alt=\"\" class=\"nd_options_position_absolute nd_options_left_0\" width=\"50\" src=\"https:\/\/konditorei-caredda.ch\/wp-content\/uploads\/2020\/03\/torten-icon-white.png\">\n\n        <div style=\"padding-left:70px\" class=\"nd_options_section nd_options_box_sizing_border_box\">\n            \n            <h3 class=\"nd_options_first_font  \" style=\"margin:;color:#ffffff;font-size:20px;line-height:20px\">SAREMMO LIETI DI RICEVERE LA VOSTRA CHIAMATA! 044 440 23 41<\/h3> \n            <p class=\"nd_options_second_font  \" style=\"margin:10px 0px 0px 0px;color:#ffffff;font-size:14px;line-height:24px\">Siamo gli artisti della torta a Zurigo e Giacarta.<br \/>\nSoddisfiamo ogni desiderio.<\/p> \n            \n\n        <\/div>\n\n    <\/div>\n\n  [\/vc_column_inner][vc_column_inner width=&#8221;1\/3&#8243;]<div style=\"background-color:;height: 8px\" class=\"nicdark_section  \"><\/div>\n\t\n\t<a style=\"border: px solid;border-radius:px;letter-spacing:2px;line-height:14px;font-size:14px;background-color:#019147;padding:10px 20px;margin:;color:#ffffff\" rel=\"\" href=\"https:\/\/konditorei-caredda.ch\/it\/torte\/\" class=\"nicdark_display_inline_block nd_options_float_right nd_options_font_weight_normal nd_options_first_font calltoaction_project_btn \">Richiesta scritta:<\/a>\n\t\n[\/vc_column_inner][\/vc_row_inner][\/vc_column][vc_column width=&#8221;1\/3&#8243; css=&#8221;.vc_custom_1584002340588{border-right-width: 15px !important;border-left-width: 15px !important;background-image: url(http:\/\/konditorei-caredda.ch\/wp-content\/uploads\/2020\/03\/Caredda-Konditorei-hochzeitstorten-info-background.jpg?id=2593) !important;background-position: center !important;background-repeat: no-repeat !important;background-size: cover !important;border-left-color: #ffffff !important;border-left-style: solid !important;border-right-color: #ffffff !important;border-right-style: solid !important;}&#8221;]<div style=\"background-color:;height: 50px\" class=\"nicdark_section  \"><\/div> <h3 style=\"color:#ffffff;padding:px;text-align:center;font-size:px;line-height:px;letter-spacing: 2px;font-weight:normal\" class=\"   nd_options_first_font \">Orari d\u2019apertura della pasticceria<\/h3> <div style=\"background-color:;height: 120px\" class=\"nicdark_section  \"><\/div>\n\n\n  <div class=\"nd_options_section badge_timing nd_options_display_table \">\n    <div class=\"nd_options_display_table_cell nd_options_vertical_align_middle nd_options_width_50_percentage nd_options_text_align_left nd_options_padding_10 nd_options_box_sizing_border_box\">\n      <p class=\" nd_options_second_font nd_options_margin_0 nd_options_padding_0\" style=\"color:#ffffff\">Da luned\u00ec a venerd\u00ec:<\/p>\n    <\/div>\n    <div class=\"nd_options_display_table_cell nd_options_vertical_align_middle nd_options_width_50_percentage nd_options_text_align_right nd_options_padding_10 nd_options_box_sizing_border_box\">\n      <p class=\" nd_options_second_font nd_options_margin_0 nd_options_padding_0\" style=\"color:#ffffff\">07.00 - 19.00<\/p>\n    <\/div>\n  <\/div>\n\n\n   \n\n\n  <div class=\"nd_options_section badge_timing nd_options_display_table \">\n    <div class=\"nd_options_display_table_cell nd_options_vertical_align_middle nd_options_width_50_percentage nd_options_text_align_left nd_options_padding_10 nd_options_box_sizing_border_box\">\n      <p class=\" nd_options_second_font nd_options_margin_0 nd_options_padding_0\" style=\"color:#ffffff\">Sabato:<\/p>\n    <\/div>\n    <div class=\"nd_options_display_table_cell nd_options_vertical_align_middle nd_options_width_50_percentage nd_options_text_align_right nd_options_padding_10 nd_options_box_sizing_border_box\">\n      <p class=\" nd_options_second_font nd_options_margin_0 nd_options_padding_0\" style=\"color:#ffffff\">07.30 - 17.00<\/p>\n    <\/div>\n  <\/div>\n\n\n   \n\n\n  <div class=\"nd_options_section badge_timing nd_options_display_table \">\n    <div class=\"nd_options_display_table_cell nd_options_vertical_align_middle nd_options_width_50_percentage nd_options_text_align_left nd_options_padding_10 nd_options_box_sizing_border_box\">\n      <p class=\" nd_options_second_font nd_options_margin_0 nd_options_padding_0\" style=\"color:#ffffff\">Domenica:<\/p>\n    <\/div>\n    <div class=\"nd_options_display_table_cell nd_options_vertical_align_middle nd_options_width_50_percentage nd_options_text_align_right nd_options_padding_10 nd_options_box_sizing_border_box\">\n      <p class=\" nd_options_second_font nd_options_margin_0 nd_options_padding_0\" style=\"color:#ffffff\">08.00 - 16.00<\/p>\n    <\/div>\n  <\/div>\n\n\n   <div style=\"background-color:;height: 50px\" class=\"nicdark_section  \"><\/div>[\/vc_column][\/vc_row][vc_row gap=&#8221;30&#8243; equal_height=&#8221;yes&#8221; css=&#8221;.vc_custom_1585303763719{margin-bottom: 55px !important;padding-right: 15px !important;padding-left: 15px !important;}&#8221;][vc_column width=&#8221;1\/5&#8243; css=&#8221;.vc_custom_1585304351029{padding-top: 60px !important;padding-right: 0px !important;padding-bottom: 60px !important;padding-left: 0px !important;background-image: url(http:\/\/konditorei-caredda.ch\/wp-content\/uploads\/2020\/03\/Caredda-Hochzeitstorten-Patisserie-bg.jpg?id=2620) !important;background-position: center !important;background-repeat: no-repeat !important;background-size: cover !important;}&#8221;]\n\t<div class=\"nd_options_section nd_options_text_align_center\">\n\t<a style=\"border: px solid;border-radius:px;letter-spacing:px;line-height:24pxpx;font-size:24pxpx;background-color:#981c21;padding:8px 12px;margin:20px;color:#ffffff\" rel=\"\" href=\"https:\/\/konditorei-caredda.ch\/it\/pasticceria\/pasticceria\/\" class=\"nicdark_display_inline_block  nd_options_font_weight_bold nd_options_second_font  \">Pasticcini<\/a>\n\t<\/div>\n[\/vc_column][vc_column width=&#8221;1\/5&#8243; css=&#8221;.vc_custom_1585304343600{padding-top: 60px !important;padding-right: 0px !important;padding-bottom: 60px !important;padding-left: 0px !important;background-image: url(http:\/\/konditorei-caredda.ch\/wp-content\/uploads\/2020\/03\/Caredda-Hochzeitstorten-Dolci-Italiani-04.jpg?id=2642) !important;background-position: center !important;background-repeat: no-repeat !important;background-size: cover !important;}&#8221;]\n\t<div class=\"nd_options_section nd_options_text_align_center\">\n\t<a style=\"border: px solid;border-radius:px;letter-spacing:px;line-height:24pxpx;font-size:24pxpx;background-color:#981c21;padding:8px 12px;margin:20px;color:#ffffff\" rel=\"\" href=\"https:\/\/konditorei-caredda.ch\/it\/pasticceria\/dolci-italiani\/\" class=\"nicdark_display_inline_block  nd_options_font_weight_bold nd_options_second_font  \">Dolci italiani<\/a>\n\t<\/div>\n[\/vc_column][vc_column width=&#8221;1\/5&#8243; css=&#8221;.vc_custom_1585304337057{padding-top: 60px !important;padding-right: 0px !important;padding-bottom: 60px !important;padding-left: 0px !important;background-image: url(http:\/\/konditorei-caredda.ch\/wp-content\/uploads\/2020\/03\/Caredda-Hochzeitstorten-Marzipan.jpg?id=2652) !important;background-position: center !important;background-repeat: no-repeat !important;background-size: cover !important;}&#8221;]\n\t<div class=\"nd_options_section nd_options_text_align_center\">\n\t<a style=\"border: px solid;border-radius:px;letter-spacing:px;line-height:24pxpx;font-size:24pxpx;background-color:#981c21;padding:8px 12px;margin:20px;color:#ffffff\" rel=\"\" href=\"https:\/\/konditorei-caredda.ch\/it\/pasticceria\/marzapane\/\" class=\"nicdark_display_inline_block  nd_options_font_weight_bold nd_options_second_font  \">Marzapane<\/a>\n\t<\/div>\n[\/vc_column][vc_column width=&#8221;1\/5&#8243; css=&#8221;.vc_custom_1585304330488{padding-top: 60px !important;padding-right: 0px !important;padding-bottom: 60px !important;padding-left: 0px !important;background-image: url(http:\/\/konditorei-caredda.ch\/wp-content\/uploads\/2020\/03\/Caredda-Hochzeitstorten-Apero-scaled.jpg?id=2667) !important;background-position: center !important;background-repeat: no-repeat !important;background-size: cover !important;}&#8221;]\n\t<div class=\"nd_options_section nd_options_text_align_center\">\n\t<a style=\"border: px solid;border-radius:px;letter-spacing:px;line-height:24pxpx;font-size:24pxpx;background-color:#981c21;padding:8px 12px;margin:20px;color:#ffffff\" rel=\"\" href=\"https:\/\/konditorei-caredda.ch\/it\/pasticceria\/aperitivi\/\" class=\"nicdark_display_inline_block  nd_options_font_weight_bold nd_options_second_font  \">Aperitivi<\/a>\n\t<\/div>\n[\/vc_column][vc_column width=&#8221;1\/5&#8243; css=&#8221;.vc_custom_1585304286059{padding-top: 60px !important;padding-right: 0px !important;padding-bottom: 60px !important;padding-left: 0px !important;background-image: url(http:\/\/konditorei-caredda.ch\/wp-content\/uploads\/2020\/03\/Caredda-Konditorei-hochzeitstorten-panetone-background.jpg?id=2741) !important;background-position: center !important;background-repeat: no-repeat !important;background-size: cover !important;}&#8221;]\n\t<div class=\"nd_options_section nd_options_text_align_center\">\n\t<a style=\"border: px solid;border-radius:px;letter-spacing:px;line-height:24pxpx;font-size:24pxpx;background-color:#981c21;padding:8px 12px;margin:20px;color:#ffffff\" rel=\"\" href=\"https:\/\/konditorei-caredda.ch\/it\/pasticceria\/panettone\/\" class=\"nicdark_display_inline_block  nd_options_font_weight_bold nd_options_second_font  \">Panettone<\/a>\n\t<\/div>\n[\/vc_column][\/vc_row]\n","protected":false},"excerpt":{"rendered":"<p>[vc_row full_width=&#8221;stretch_row&#8221; equal_height=&#8221;yes&#8221; content_placement=&#8221;middle&#8221; css=&#8221;.vc_custom_1575546106321{padding-top: 70px !important;padding-bottom: 55px !important;background-position: 0 0 !important;background-repeat: no-repeat !important;}&#8221;][vc_column width=&#8221;2\/3&#8243;][vc_column_text]\u00abPer me Paolo Caredda \u00e8 importante che i miei prodotti siano di qualit\u00e0. Tutti i miei prodotti sono fatti a mano. Anche lo zucchero al velo, anche se so che \u00e8 solo una cosa piccola. Per me \u00e8 importante che i [&hellip;]<\/p>\n","protected":false},"author":1,"featured_media":0,"parent":0,"menu_order":0,"comment_status":"closed","ping_status":"closed","template":"","meta":{"footnotes":""},"class_list":["post-3956","page","type-page","status-publish","hentry"],"yoast_head":"<!-- This site is optimized with the Yoast SEO plugin v18.3 - https:\/\/yoast.com\/wordpress\/plugins\/seo\/ -->\n<title>PASTICCERIA - Konditorei Caredda<\/title>\n<meta name=\"robots\" content=\"index, follow, max-snippet:-1, max-image-preview:large, max-video-preview:-1\" \/>\n<link rel=\"canonical\" href=\"https:\/\/konditorei-caredda.ch\/it\/pasticceria\/\" \/>\n<meta property=\"og:locale\" content=\"it_IT\" \/>\n<meta property=\"og:type\" content=\"article\" \/>\n<meta property=\"og:title\" content=\"PASTICCERIA - Konditorei Caredda\" \/>\n<meta property=\"og:description\" content=\"[vc_row full_width=&#8221;stretch_row&#8221; equal_height=&#8221;yes&#8221; content_placement=&#8221;middle&#8221; css=&#8221;.vc_custom_1575546106321{padding-top: 70px !important;padding-bottom: 55px !important;background-position: 0 0 !important;background-repeat: no-repeat !important;}&#8221;][vc_column width=&#8221;2\/3&#8243;][vc_column_text]\u00abPer me Paolo Caredda \u00e8 importante che i miei prodotti siano di qualit\u00e0. Tutti i miei prodotti sono fatti a mano. Anche lo zucchero al velo, anche se so che \u00e8 solo una cosa piccola. Per me \u00e8 importante che i [&hellip;]\" \/>\n<meta property=\"og:url\" content=\"https:\/\/konditorei-caredda.ch\/it\/pasticceria\/\" \/>\n<meta property=\"og:site_name\" content=\"Konditorei Caredda\" \/>\n<meta property=\"article:modified_time\" content=\"2020-05-12T08:56:30+00:00\" \/>\n<meta name=\"twitter:card\" content=\"summary_large_image\" \/>\n<meta name=\"twitter:label1\" content=\"Tempo di lettura stimato\" \/>\n\t<meta name=\"twitter:data1\" content=\"7 minuti\" \/>\n<script type=\"application\/ld+json\" class=\"yoast-schema-graph\">{\"@context\":\"https:\/\/schema.org\",\"@graph\":[{\"@type\":\"Organization\",\"@id\":\"https:\/\/konditorei-caredda.ch\/it\/#organization\",\"name\":\"Konditorei Caredda\",\"url\":\"https:\/\/konditorei-caredda.ch\/it\/\",\"sameAs\":[\"https:\/\/www.instagram.com\/konditorei_caredda\"],\"logo\":{\"@type\":\"ImageObject\",\"@id\":\"https:\/\/konditorei-caredda.ch\/it\/#logo\",\"inLanguage\":\"it-IT\",\"url\":\"http:\/\/konditorei-caredda.ch\/wp-content\/uploads\/2020\/03\/caredda-logo-color.png\",\"contentUrl\":\"http:\/\/konditorei-caredda.ch\/wp-content\/uploads\/2020\/03\/caredda-logo-color.png\",\"width\":172,\"height\":109,\"caption\":\"Konditorei Caredda\"},\"image\":{\"@id\":\"https:\/\/konditorei-caredda.ch\/it\/#logo\"}},{\"@type\":\"WebSite\",\"@id\":\"https:\/\/konditorei-caredda.ch\/it\/#website\",\"url\":\"https:\/\/konditorei-caredda.ch\/it\/\",\"name\":\"Konditorei Caredda\",\"description\":\"Konditorei Caredda\",\"publisher\":{\"@id\":\"https:\/\/konditorei-caredda.ch\/it\/#organization\"},\"potentialAction\":[{\"@type\":\"SearchAction\",\"target\":{\"@type\":\"EntryPoint\",\"urlTemplate\":\"https:\/\/konditorei-caredda.ch\/it\/?s={search_term_string}\"},\"query-input\":\"required name=search_term_string\"}],\"inLanguage\":\"it-IT\"},{\"@type\":\"WebPage\",\"@id\":\"https:\/\/konditorei-caredda.ch\/it\/pasticceria\/#webpage\",\"url\":\"https:\/\/konditorei-caredda.ch\/it\/pasticceria\/\",\"name\":\"PASTICCERIA - Konditorei Caredda\",\"isPartOf\":{\"@id\":\"https:\/\/konditorei-caredda.ch\/it\/#website\"},\"datePublished\":\"2020-04-01T03:33:02+00:00\",\"dateModified\":\"2020-05-12T08:56:30+00:00\",\"breadcrumb\":{\"@id\":\"https:\/\/konditorei-caredda.ch\/it\/pasticceria\/#breadcrumb\"},\"inLanguage\":\"it-IT\",\"potentialAction\":[{\"@type\":\"ReadAction\",\"target\":[\"https:\/\/konditorei-caredda.ch\/it\/pasticceria\/\"]}]},{\"@type\":\"BreadcrumbList\",\"@id\":\"https:\/\/konditorei-caredda.ch\/it\/pasticceria\/#breadcrumb\",\"itemListElement\":[{\"@type\":\"ListItem\",\"position\":1,\"name\":\"Home\",\"item\":\"https:\/\/konditorei-caredda.ch\/it\/\"},{\"@type\":\"ListItem\",\"position\":2,\"name\":\"PASTICCERIA\"}]}]}<\/script>\n<!-- \/ Yoast SEO plugin. -->","yoast_head_json":{"title":"PASTICCERIA - Konditorei Caredda","robots":{"index":"index","follow":"follow","max-snippet":"max-snippet:-1","max-image-preview":"max-image-preview:large","max-video-preview":"max-video-preview:-1"},"canonical":"https:\/\/konditorei-caredda.ch\/it\/pasticceria\/","og_locale":"it_IT","og_type":"article","og_title":"PASTICCERIA - Konditorei Caredda","og_description":"[vc_row full_width=&#8221;stretch_row&#8221; equal_height=&#8221;yes&#8221; content_placement=&#8221;middle&#8221; css=&#8221;.vc_custom_1575546106321{padding-top: 70px !important;padding-bottom: 55px !important;background-position: 0 0 !important;background-repeat: no-repeat !important;}&#8221;][vc_column width=&#8221;2\/3&#8243;][vc_column_text]\u00abPer me Paolo Caredda \u00e8 importante che i miei prodotti siano di qualit\u00e0. Tutti i miei prodotti sono fatti a mano. Anche lo zucchero al velo, anche se so che \u00e8 solo una cosa piccola. Per me \u00e8 importante che i [&hellip;]","og_url":"https:\/\/konditorei-caredda.ch\/it\/pasticceria\/","og_site_name":"Konditorei Caredda","article_modified_time":"2020-05-12T08:56:30+00:00","twitter_card":"summary_large_image","twitter_misc":{"Tempo di lettura stimato":"7 minuti"},"schema":{"@context":"https:\/\/schema.org","@graph":[{"@type":"Organization","@id":"https:\/\/konditorei-caredda.ch\/it\/#organization","name":"Konditorei Caredda","url":"https:\/\/konditorei-caredda.ch\/it\/","sameAs":["https:\/\/www.instagram.com\/konditorei_caredda"],"logo":{"@type":"ImageObject","@id":"https:\/\/konditorei-caredda.ch\/it\/#logo","inLanguage":"it-IT","url":"http:\/\/konditorei-caredda.ch\/wp-content\/uploads\/2020\/03\/caredda-logo-color.png","contentUrl":"http:\/\/konditorei-caredda.ch\/wp-content\/uploads\/2020\/03\/caredda-logo-color.png","width":172,"height":109,"caption":"Konditorei Caredda"},"image":{"@id":"https:\/\/konditorei-caredda.ch\/it\/#logo"}},{"@type":"WebSite","@id":"https:\/\/konditorei-caredda.ch\/it\/#website","url":"https:\/\/konditorei-caredda.ch\/it\/","name":"Konditorei Caredda","description":"Konditorei Caredda","publisher":{"@id":"https:\/\/konditorei-caredda.ch\/it\/#organization"},"potentialAction":[{"@type":"SearchAction","target":{"@type":"EntryPoint","urlTemplate":"https:\/\/konditorei-caredda.ch\/it\/?s={search_term_string}"},"query-input":"required name=search_term_string"}],"inLanguage":"it-IT"},{"@type":"WebPage","@id":"https:\/\/konditorei-caredda.ch\/it\/pasticceria\/#webpage","url":"https:\/\/konditorei-caredda.ch\/it\/pasticceria\/","name":"PASTICCERIA - Konditorei Caredda","isPartOf":{"@id":"https:\/\/konditorei-caredda.ch\/it\/#website"},"datePublished":"2020-04-01T03:33:02+00:00","dateModified":"2020-05-12T08:56:30+00:00","breadcrumb":{"@id":"https:\/\/konditorei-caredda.ch\/it\/pasticceria\/#breadcrumb"},"inLanguage":"it-IT","potentialAction":[{"@type":"ReadAction","target":["https:\/\/konditorei-caredda.ch\/it\/pasticceria\/"]}]},{"@type":"BreadcrumbList","@id":"https:\/\/konditorei-caredda.ch\/it\/pasticceria\/#breadcrumb","itemListElement":[{"@type":"ListItem","position":1,"name":"Home","item":"https:\/\/konditorei-caredda.ch\/it\/"},{"@type":"ListItem","position":2,"name":"PASTICCERIA"}]}]}},"_links":{"self":[{"href":"https:\/\/konditorei-caredda.ch\/it\/wp-json\/wp\/v2\/pages\/3956"}],"collection":[{"href":"https:\/\/konditorei-caredda.ch\/it\/wp-json\/wp\/v2\/pages"}],"about":[{"href":"https:\/\/konditorei-caredda.ch\/it\/wp-json\/wp\/v2\/types\/page"}],"author":[{"embeddable":true,"href":"https:\/\/konditorei-caredda.ch\/it\/wp-json\/wp\/v2\/users\/1"}],"replies":[{"embeddable":true,"href":"https:\/\/konditorei-caredda.ch\/it\/wp-json\/wp\/v2\/comments?post=3956"}],"version-history":[{"count":7,"href":"https:\/\/konditorei-caredda.ch\/it\/wp-json\/wp\/v2\/pages\/3956\/revisions"}],"predecessor-version":[{"id":4277,"href":"https:\/\/konditorei-caredda.ch\/it\/wp-json\/wp\/v2\/pages\/3956\/revisions\/4277"}],"wp:attachment":[{"href":"https:\/\/konditorei-caredda.ch\/it\/wp-json\/wp\/v2\/media?parent=3956"}],"curies":[{"name":"wp","href":"https:\/\/api.w.org\/{rel}","templated":true}]}}